{"id":30778,"date":"2025-11-19T10:10:35","date_gmt":"2025-11-19T10:10:35","guid":{"rendered":"https:\/\/pilarcontreras.cat\/?post_type=product&#038;p=30778"},"modified":"2025-12-26T10:24:19","modified_gmt":"2025-12-26T10:24:19","slug":"sessio-de-bellesa-facial","status":"publish","type":"product","link":"https:\/\/pilarcontreras.cat\/es\/product\/sessio-de-bellesa-facial\/","title":{"rendered":"Ritual de Bellesa Facial"},"content":{"rendered":"<p data-start=\"74\" data-end=\"376\">La sessi\u00f3 de bellesa facial ayurv\u00e8dica \u00e9s un ritual profundament relaxant i nutritiu, dissenyat per harmonitzar la pell del rostre mentre actua sobre el sistema nervi\u00f3s central. Durant 1 hora es treballa amb productes naturals ayurv\u00e8dics seleccionats segons les necessitats <em data-start=\"348\" data-end=\"359\">doshiques<\/em> de cada persona.<\/p>\n<p data-start=\"378\" data-end=\"405\"><strong data-start=\"378\" data-end=\"403\">El tractament inclou:<\/strong><\/p>\n<ul data-start=\"406\" data-end=\"933\">\n<li data-start=\"406\" data-end=\"469\"><strong>Sheana<\/strong> oleacio corporal<\/li>\n<li data-start=\"406\" data-end=\"469\">\n<p data-start=\"408\" data-end=\"469\"><strong data-start=\"408\" data-end=\"434\">Neteja facial profunda i suau<\/strong> amb herb\u00e0ries i olis ayurv\u00e8dics.<\/p>\n<\/li>\n<li data-start=\"470\" data-end=\"559\">\n<p data-start=\"472\" data-end=\"559\"><strong data-start=\"472\" data-end=\"495\">Exfoliaci\u00f3 facial delicada<\/strong> amb f\u00f3rmules vegetals que afavoreixen la renovaci\u00f3 cel\u00b7lular.<\/p>\n<\/li>\n<li data-start=\"560\" data-end=\"677\">\n<p data-start=\"562\" data-end=\"677\"><strong data-start=\"562\" data-end=\"591\">Massatge facial ayurv\u00e8dic<\/strong> amb olis medicinals, que activa la microcirculaci\u00f3, tonifica i aporta lluminositat.<\/p>\n<\/li>\n<li data-start=\"678\" data-end=\"779\">\n<p data-start=\"680\" data-end=\"779\"><strong data-start=\"680\" data-end=\"717\">Aplicaci\u00f3 d\u2019una m\u00e0scara nutritiva<\/strong> al rostre, coll i escot elaborada amb ingredients naturals segons el tipus de pell.<\/p>\n<\/li>\n<li data-start=\"780\" data-end=\"868\">\n<p data-start=\"782\" data-end=\"868\"><strong data-start=\"782\" data-end=\"797\">Tonificaci\u00f3<\/strong> facial per equilibrar el pH, refrescar i preparar la pell per al pas final.<\/p>\n<\/li>\n<li data-start=\"869\" data-end=\"933\">\n<p data-start=\"871\" data-end=\"933\"><strong data-start=\"871\" data-end=\"899\">Hidrataci\u00f3 i segellament<\/strong> cara, coll, escot amb s\u00e8rums i cremes ayurv\u00e8diques.<\/p>\n<\/li>\n<\/ul>\n<p data-start=\"935\" data-end=\"1198\">Aquest ritual no nom\u00e9s millora visiblement la pell de la cara, el coll i l\u2019escot, sin\u00f3 que tamb\u00e9 aporta benestar global, relaxa la ment i ajuda a equilibrar l\u2019energia vital. <strong>Ideal per regalar (o autoregalar-se)<\/strong> un moment de cura profunda i connexi\u00f3 amb un mateix.<\/p>\n","protected":false},"excerpt":{"rendered":"<p>La sessi\u00f3 de bellesa facial ayurv\u00e8dica \u00e9s un ritual profundament relaxant i nutritiu, dissenyat per harmonitzar la pell del rostre mentre actua sobre el sistema nervi\u00f3s central. Durant 1 hora es treballa amb productes naturals ayurv\u00e8dics seleccionats segons les necessitats doshiques de cada persona. El tractament inclou: Sheana oleacio corporal Neteja facial profunda i suau [&hellip;]<\/p>\n","protected":false},"featured_media":30779,"template":"","meta":[],"product_brand":[],"product_cat":[30],"product_tag":[],"giftcard-category":[],"class_list":{"0":"post-30778","1":"product","2":"type-product","3":"status-publish","4":"has-post-thumbnail","6":"product_cat-uncategorized","8":"first","9":"instock","10":"shipping-taxable","11":"purchasable","12":"product-type-simple"},"_links":{"self":[{"href":"https:\/\/pilarcontreras.cat\/es\/wp-json\/wp\/v2\/product\/30778","targetHints":{"allow":["GET"]}}],"collection":[{"href":"https:\/\/pilarcontreras.cat\/es\/wp-json\/wp\/v2\/product"}],"about":[{"href":"https:\/\/pilarcontreras.cat\/es\/wp-json\/wp\/v2\/types\/product"}],"wp:featuredmedia":[{"embeddable":true,"href":"https:\/\/pilarcontreras.cat\/es\/wp-json\/wp\/v2\/media\/30779"}],"wp:attachment":[{"href":"https:\/\/pilarcontreras.cat\/es\/wp-json\/wp\/v2\/media?parent=30778"}],"wp:term":[{"taxonomy":"product_brand","embeddable":true,"href":"https:\/\/pilarcontreras.cat\/es\/wp-json\/wp\/v2\/product_brand?post=30778"},{"taxonomy":"product_cat","embeddable":true,"href":"https:\/\/pilarcontreras.cat\/es\/wp-json\/wp\/v2\/product_cat?post=30778"},{"taxonomy":"product_tag","embeddable":true,"href":"https:\/\/pilarcontreras.cat\/es\/wp-json\/wp\/v2\/product_tag?post=30778"},{"taxonomy":"giftcard-category","embeddable":true,"href":"https:\/\/pilarcontreras.cat\/es\/wp-json\/wp\/v2\/giftcard-category?post=30778"}],"curies":[{"name":"wp","href":"https:\/\/api.w.org\/{rel}","templated":true}]}}